{"id":359,"date":"2017-01-25T05:51:36","date_gmt":"2017-01-25T05:51:36","guid":{"rendered":"https:\/\/motors.stylemixthemes.com\/?page_id=359"},"modified":"2024-10-06T19:56:11","modified_gmt":"2024-10-06T19:56:11","slug":"termes","status":"publish","type":"page","link":"https:\/\/freres-car.com\/fr\/terms\/","title":{"rendered":"Termes"},"content":{"rendered":"<div data-elementor-type=\"wp-page\" data-elementor-id=\"359\" class=\"elementor elementor-359\" data-elementor-post-type=\"page\">\n\t\t\t\t<div class=\"elementor-element elementor-element-ee16f6f e-flex e-con-boxed e-con e-parent\" data-id=\"ee16f6f\" data-element_type=\"container\" data-e-type=\"container\">\n\t\t\t\t\t<div class=\"e-con-inner\">\n\t\t<div class=\"elementor-element elementor-element-f6f2e49 e-con-full e-flex e-con e-child\" data-id=\"f6f2e49\" data-element_type=\"container\" data-e-type=\"container\">\n\t\t\t\t<div class=\"elementor-element elementor-element-5c0aec8 elementor-widget elementor-widget-heading\" data-id=\"5c0aec8\" data-element_type=\"widget\" data-e-type=\"widget\" data-widget_type=\"heading.default\">\n\t\t\t\t<div class=\"elementor-widget-container\">\n\t\t\t\t\t<h1 class=\"elementor-heading-title elementor-size-default\">Conditions g\u00e9n\u00e9rales d'utilisation<\/h1>\t\t\t\t<\/div>\n\t\t\t\t<\/div>\n\t\t\t\t<div class=\"elementor-element elementor-element-6bbd658 elementor-widget elementor-widget-text-editor\" data-id=\"6bbd658\" data-element_type=\"widget\" data-e-type=\"widget\" data-widget_type=\"text-editor.default\">\n\t\t\t\t<div class=\"elementor-widget-container\">\n\t\t\t\t\t\t\t\t\t<h4 class=\"vc_custom_heading vc_do_custom_heading\">1. Introduction<\/h4><div class=\"wpb_text_column wpb_content_element\"><div class=\"wpb_wrapper\"><p class=\"translation-block\"><span class=\"\u00ab\"><span class=\"\u00ab\">Bienvenue sur <a href=\"\/fr\/\u00ab\/\" target=\"\u00ab\"><strong>freres-car.com<\/strong><\/a> ! Ces termes et conditions (\u00ab Conditions \u00bb) r\u00e9gissent votre utilisation de ce site Web et les services que nous proposons, y compris la location de voitures au Maroc.<\/span><\/span> <span class=\"\u00ab\"><span class=\"\u00ab\">En acc\u00e9dant \u00e0 ce site Web ou en l'utilisant, vous acceptez d'\u00eatre li\u00e9 par ces Conditions. <\/span><\/span> <span class=\"\u00ab\"><span class=\"\u00ab\">Si vous n'acceptez pas l'ensemble de ces Conditions, vous ne pouvez pas utiliser ce site Web ou nos services.<\/span><\/span><\/p><\/div><\/div><h4 class=\"vc_custom_heading vc_do_custom_heading\">2. Conditions de location<\/h4><div class=\"wpb_text_column wpb_content_element\"><div class=\"wpb_wrapper\"><p><span class=\"jCAhz ChMk0b\"><span class=\"ryNqvb\">Pour louer une voiture, vous devez avoir au moins 22 ans et poss\u00e9der un permis de conduire valide au Maroc.<\/span><\/span><\/p><p><span class=\"jCAhz ChMk0b\"><span class=\"ryNqvb\">Un passeport en cours de validit\u00e9 peut \u00eatre exig\u00e9 en plus du permis de conduire.<\/span><\/span><\/p><p><span class=\"jCAhz ChMk0b\"><span class=\"ryNqvb\">Nous nous r\u00e9servons le droit de refuser un service \u00e0 quiconque, pour quelque raison que ce soit.<\/span><\/span><\/p><\/div><\/div><h4 class=\"vc_custom_heading vc_do_custom_heading\">3. R\u00e9servations et paiements<\/h4><div class=\"wpb_text_column wpb_content_element\"><div class=\"wpb_wrapper\"><p><span class=\"jCAhz ChMk0b\"><span class=\"ryNqvb\">Vous pouvez r\u00e9server une voiture en ligne ou par t\u00e9l\u00e9phone.<\/span><\/span><\/p><p><span class=\"jCAhz ChMk0b\"><span class=\"ryNqvb\">Le montant total de la location est d\u00fb lors de la prise en charge du v\u00e9hicule.<\/span><\/span>\u00a0<span class=\"jCAhz ChMk0b\"><span class=\"ryNqvb\">Nous acceptons les principales cartes de cr\u00e9dit et de d\u00e9bit.<\/span><\/span><\/p><p><span class=\"jCAhz ChMk0b\"><span class=\"ryNqvb\">Nous proposons des politiques d'annulation, mais nous vous prions de les lire attentivement avant d'effectuer une r\u00e9servation.<\/span><\/span><\/p><\/div><\/div><h4 class=\"vc_custom_heading vc_do_custom_heading\">4. Utilisation et restitution du v\u00e9hicule<\/h4><div class=\"wpb_text_column wpb_content_element\"><div class=\"wpb_wrapper\"><p><span class=\"jCAhz ChMk0b\"><span class=\"ryNqvb\">Vous \u00eates responsable de la s\u00e9curit\u00e9 et de la l\u00e9galit\u00e9 de l'utilisation du v\u00e9hicule de location.<\/span><\/span><\/p><p><span class=\"jCAhz ChMk0b\"><span class=\"ryNqvb\">Vous devez respecter toutes les lois et r\u00e9glementations du code de la route marocain.<\/span><\/span><\/p><p><span class=\"jCAhz ChMk0b\"><span class=\"ryNqvb\">La voiture doit \u00eatre rendue dans le m\u00eame \u00e9tat que celui dans lequel elle a \u00e9t\u00e9 lou\u00e9e.<\/span><\/span><\/p><\/div><\/div><h4 class=\"vc_custom_heading vc_do_custom_heading\">5. Dommages et int\u00e9r\u00eats et responsabilit\u00e9<\/h4><div class=\"wpb_text_column wpb_content_element\"><div class=\"wpb_wrapper\"><p><span class=\"jCAhz ChMk0b\"><span class=\"ryNqvb\">Vous \u00eates responsable de tout dommage caus\u00e9 \u00e0 la voiture de location pendant la p\u00e9riode de location.<\/span><\/span><\/p><p><span class=\"jCAhz ChMk0b\"><span class=\"ryNqvb\">Nous proposons une assurance facultative qui peut r\u00e9duire votre responsabilit\u00e9 financi\u00e8re en cas de dommage.<\/span><\/span><\/p><p><span class=\"jCAhz ChMk0b\"><span class=\"ryNqvb\">Vous \u00eates \u00e9galement responsable de tout dommage corporel ou mat\u00e9riel caus\u00e9 par l'utilisation de la voiture de location.<\/span><\/span><\/p><\/div><\/div><h4 class=\"vc_custom_heading vc_do_custom_heading\">6. L'assurance<\/h4><div class=\"wpb_text_column wpb_content_element\"><div class=\"wpb_wrapper\"><p><span class=\"jCAhz ChMk0b\"><span class=\"ryNqvb\">Vous pouvez choisir de souscrire une assurance suppl\u00e9mentaire aupr\u00e8s de nous.<\/span><\/span><\/p><p><span class=\"jCAhz ChMk0b\"><span class=\"ryNqvb\">Veuillez examiner attentivement nos options d'assurance avant de faire une r\u00e9servation.<\/span><\/span><\/p><\/div><\/div><h4 class=\"vc_custom_heading vc_do_custom_heading\">7. Clause de non-responsabilit\u00e9<\/h4><div class=\"wpb_text_column wpb_content_element\"><div class=\"wpb_wrapper\"><p><span class=\"jCAhz ChMk0b\"><span class=\"ryNqvb\">Nous ne donnons aucune garantie, expresse ou implicite, quant \u00e0 l'ad\u00e9quation de nos services \u00e0 un usage particulier.<\/span><\/span><\/p><p><span class=\"jCAhz ChMk0b\"><span class=\"ryNqvb\">Nous ne sommes pas responsables des dommages ou des pertes r\u00e9sultant de l'utilisation de notre site web ou de nos services.<\/span><\/span><\/p><\/div><\/div><h4 class=\"vc_custom_heading vc_do_custom_heading\">8. Droit applicable<\/h4><div class=\"wpb_text_column wpb_content_element\"><div class=\"wpb_wrapper\"><p>Les pr\u00e9sentes conditions seront r\u00e9gies et interpr\u00e9t\u00e9es conform\u00e9ment au droit marocain.<\/p><\/div><\/div><h4 class=\"vc_custom_heading vc_do_custom_heading\">9. Nous contacter<\/h4><div class=\"wpb_text_column wpb_content_element\"><div class=\"wpb_wrapper\"><p>Si vous avez des questions concernant les pr\u00e9sentes conditions, veuillez nous contacter \u00e0 l'adresse suivante :\u00a0<strong><a href=\"mailto:Contact@freres-car.com\">Contact@freres-car.com<\/a><\/strong>\u00a0ou\u00a0<strong><a href=\"tel:+212661735256\">+212661735256<\/a><\/strong>.<\/p><\/div><\/div>\t\t\t\t\t\t\t\t<\/div>\n\t\t\t\t<\/div>\n\t\t\t\t<\/div>\n\t\t\t\t\t<\/div>\n\t\t\t\t<\/div>\n\t\t\t\t<\/div>","protected":false},"excerpt":{"rendered":"<p>Conditions g\u00e9n\u00e9rales d'utilisation 1. Introduction Bienvenue sur freres-car.com ! Les pr\u00e9sentes conditions g\u00e9n\u00e9rales (\u201cConditions\u201d) r\u00e9gissent votre utilisation de ce site Internet et des services que nous offrons, y compris la location de voitures au Maroc. En acc\u00e9dant \u00e0 ce site ou en l'utilisant, vous acceptez d'\u00eatre li\u00e9 par ces Conditions. Si vous n'acceptez pas l'ensemble de ces Conditions, vous ne pouvez pas utiliser ce...<\/p>","protected":false},"author":1,"featured_media":0,"parent":0,"menu_order":0,"comment_status":"closed","ping_status":"closed","template":"elementor_header_footer","meta":{"footnotes":""},"class_list":["post-359","page","type-page","status-publish","hentry"],"_links":{"self":[{"href":"https:\/\/freres-car.com\/fr\/wp-json\/wp\/v2\/pages\/359","targetHints":{"allow":["GET"]}}],"collection":[{"href":"https:\/\/freres-car.com\/fr\/wp-json\/wp\/v2\/pages"}],"about":[{"href":"https:\/\/freres-car.com\/fr\/wp-json\/wp\/v2\/types\/page"}],"author":[{"embeddable":true,"href":"https:\/\/freres-car.com\/fr\/wp-json\/wp\/v2\/users\/1"}],"replies":[{"embeddable":true,"href":"https:\/\/freres-car.com\/fr\/wp-json\/wp\/v2\/comments?post=359"}],"version-history":[{"count":0,"href":"https:\/\/freres-car.com\/fr\/wp-json\/wp\/v2\/pages\/359\/revisions"}],"wp:attachment":[{"href":"https:\/\/freres-car.com\/fr\/wp-json\/wp\/v2\/media?parent=359"}],"curies":[{"name":"wp","href":"https:\/\/api.w.org\/{rel}","templated":true}]}}